{"id":1656,"date":"2019-05-29T10:36:41","date_gmt":"2019-05-29T10:36:41","guid":{"rendered":"https:\/\/healthinnovationmaster.vhir.org\/professorat-test\/?lang=es"},"modified":"2025-02-24T14:34:26","modified_gmt":"2025-02-24T14:34:26","slug":"profesorado","status":"publish","type":"page","link":"https:\/\/healthinnovationmaster.vhir.org\/es\/profesorado\/","title":{"rendered":"Profesorado"},"content":{"rendered":"<p><strong><span style=\"color: #000000;\">\u00a0<span style=\"font-size: 14px;\">DIRECCI\u00d3N DE M\u00c1STER:<\/span>\u00a0<\/span><\/strong><\/p>\n<table style=\"width: 94.154%; height: 128px;\">\n<tbody>\n<tr style=\"height: 128px;\">\n<td style=\"width: 22.8621%; height: 128px;\"><img loading=\"lazy\" decoding=\"async\" class=\"alignnone size-full wp-image-4306\" src=\"https:\/\/healthinnovationmaster.vhir.org\/wp-content\/uploads\/2024\/02\/Ramos_quiroga.jpg\" alt=\"\" width=\"186\" height=\"173\" \/><\/td>\n<td style=\"width: 96.8586%; height: 128px;\">\n<p><span style=\"font-size: 14px;\"><span style=\"color: #800080;\"><a href=\"https:\/\/www.vallhebron.com\/es\/profesionales\/jose-antonio-ramos-quiroga\">\u00a0 \u00a0 <span style=\"font-size: 16px;\">\u00a0Dr. Josep Antoni Ramos Quiroga<\/span><\/a><span style=\"font-size: 16px;\">, Co-Director del m\u00e1ster<\/span><br \/>\n<\/span><\/span><\/p>\n<ul>\n<li>Jefe del departamento de Psiquiatr\u00eda en el Hospital Vall d&#8217;Hebron<\/li>\n<li>Presidente de la Comisi\u00f3n de Innovaci\u00f3n del Campus Vall d&#8217;Hebron<\/li>\n<li>Profesor titular UAB<\/li>\n<\/ul>\n<\/td>\n<\/tr>\n<\/tbody>\n<\/table>\n<table style=\"width: 93.0147%;\">\n<tbody>\n<tr>\n<td style=\"width: 22.7826%;\"><img loading=\"lazy\" decoding=\"async\" class=\"alignnone size-medium wp-image-4309\" src=\"https:\/\/healthinnovationmaster.vhir.org\/wp-content\/uploads\/2024\/02\/Mariona.jpg\" alt=\"\" width=\"178\" height=\"175\" srcset=\"https:\/\/healthinnovationmaster.vhir.org\/wp-content\/uploads\/2024\/02\/Mariona.jpg 178w, https:\/\/healthinnovationmaster.vhir.org\/wp-content\/uploads\/2024\/02\/Mariona-70x70.jpg 70w\" sizes=\"auto, (max-width: 178px) 100vw, 178px\" \/><\/td>\n<td style=\"width: 95.3043%;\">\n<p><span style=\"font-size: 14px;\"><span style=\"color: #800080;\">\u00a0<\/span><\/span><span style=\"color: #800080;\"><a href=\"https:\/\/www.vallhebron.com\/es\/profesionales\/mariona-esquerdo-barragan\">\u00a0\u00a0\u00a0<span style=\"font-size: 16px;\">\u00a0Dra. Mariona Esquerdo<\/span><\/a><span style=\"font-size: 16px;\">, Coordinadora del m\u00e1ster<\/span><\/span><span style=\"color: #800080; font-size: 16px;\">\u00a0 \u00a0<\/span><\/p>\n<ul>\n<li>Responsable de la Unidad de Innovaci\u00f3n del Vall d&#8217;Hebron Institut de Recerca (VHIR)<\/li>\n<\/ul>\n<\/td>\n<\/tr>\n<\/tbody>\n<\/table>\n<p><strong style=\"color: #000000;\"><br \/>\nProfesorado:<\/strong><\/p>\n<p><span style=\"color: #c62868; font-size: 16px;\"><strong>Asignatura 1:<\/strong> <strong>Healthcare global challenges and innovation ecosystems <\/strong><\/span><\/p>\n<p><span style=\"font-size: 14px; color: #000000;\">Coordinador: <strong><a style=\"color: #000000;\" href=\"https:\/\/www.vallhebron.com\/es\/profesionales\/jose-antonio-ramos-quiroga\">Josep Antoni Ramos Quiroga<\/a><\/strong><\/span><\/p>\n<p><span style=\"color: #c62868; font-size: 16px;\"><strong>Asignatura 2: Innovation strategies, models and methodologies in<\/strong> <strong>health<\/strong><\/span><\/p>\n<p><span style=\"font-size: 14px; color: #000000;\">Coordinadora: <strong><a style=\"color: #000000;\" href=\"https:\/\/www.vallhebron.com\/es\/profesionales\/anna-sala-cunill\">Anna Sala Cunill<\/a><\/strong><\/span><\/p>\n<p><span style=\"color: #33cccc; font-size: 16px;\"><span style=\"color: #c62868;\"><strong>Asignatura 3:<\/strong> <strong>Research and technology development in health<\/strong><\/span> <\/span><\/p>\n<p><span style=\"font-size: 14px; color: #000000;\">Coordinaci\u00f3n:<strong> <a style=\"color: #000000;\" href=\"https:\/\/www.vallhebron.com\/es\/profesionales\/gabriela-fuentes-llopis\">Gabriela Fuentes<\/a> i <a style=\"color: #000000;\" href=\"https:\/\/www.vallhebron.com\/es\/profesionales\/alonso-parron-yuste\">Alonso Parr\u00f3n <\/a><\/strong><\/span><\/p>\n<p><span style=\"color: #33cccc; font-size: 16px;\"><span style=\"color: #c62868;\"><strong>Asignatura 4:<\/strong> <strong>Valorisation and technology transfer<\/strong><\/span> <\/span><\/p>\n<p><span style=\"font-size: 14px; color: #000000;\">Coordinadora: <strong>Maria Garrido Mart\u00ednez<\/strong><\/span><\/p>\n<p><span style=\"color: #c62868; font-size: 16px;\"><strong>Asignatura 5:<\/strong> <strong>Finance for health projects<\/strong><\/span><\/p>\n<p><span style=\"font-size: 14px; color: #000000;\">Coordinador: <strong>John Slof<\/strong><\/span><\/p>\n<p><span style=\"color: #c62868; font-size: 16px;\"><strong>Asignatura 6:<\/strong> <strong>Entrepreneurship 1: selft leadership and soft skills<\/strong><\/span><\/p>\n<p><span style=\"font-size: 14px; color: #000000;\">Coordinador: <a href=\"https:\/\/www.vallhebron.com\/es\/rafael-navajo-garrido\"><strong>Rafael Navajo<\/strong><\/a><\/span><\/p>\n<p><span style=\"color: #c62868; font-size: 16px;\"><strong>Asignatura 7:<\/strong> <strong>Entrepreneurship 2: spin-off and start-up companies creation<\/strong><\/span><\/p>\n<p><span style=\"font-size: 14px; color: #000000;\">Coordinador: <strong>Nunzio Gennaro Cifariello<\/strong><\/span><\/p>\n<p><span style=\"color: #c62868; font-size: 16px;\"><strong>Asignatura 8: Master&#8217;s Degree Final Project<\/strong><\/span><\/p>\n<p><span style=\"font-size: 14px; color: #000000;\">Coordinaci\u00f3n: <strong><a style=\"color: #000000;\" href=\"https:\/\/www.vallhebron.com\/es\/profesionales\/jose-antonio-ramos-quiroga\">Josep Antoni Ramos Quiroga<\/a> i <a style=\"color: #000000;\" href=\"https:\/\/www.vallhebron.com\/es\/profesionales\/mariona-esquerdo-barragan\">Mariona Esquerdo Barrag\u00e1n<\/a><\/strong><\/span><\/p>\n","protected":false},"excerpt":{"rendered":"<p>\u00a0DIRECCI\u00d3N DE M\u00c1STER:\u00a0 \u00a0 \u00a0 \u00a0Dr. Josep Antoni Ramos Quiroga, Co-Director del m\u00e1ster Jefe del departamento de Psiquiatr\u00eda en el Hospital Vall d&#8217;Hebron Presidente de la Comisi\u00f3n de Innovaci\u00f3n del Campus Vall d&#8217;Hebron Profesor titular UAB \u00a0\u00a0\u00a0\u00a0\u00a0Dra. Mariona Esquerdo, Coordinadora del m\u00e1ster\u00a0 \u00a0 Responsable de la Unidad de Innovaci\u00f3n del Vall d&#8217;Hebron Institut de Recerca [&hellip;]<\/p>\n","protected":false},"author":2,"featured_media":4332,"parent":0,"menu_order":0,"comment_status":"closed","ping_status":"closed","template":"page-basic.php","meta":{"_acf_changed":false,"footnotes":""},"class_list":["post-1656","page","type-page","status-publish","has-post-thumbnail","hentry"],"acf":[],"_links":{"self":[{"href":"https:\/\/healthinnovationmaster.vhir.org\/es\/wp-json\/wp\/v2\/pages\/1656","targetHints":{"allow":["GET"]}}],"collection":[{"href":"https:\/\/healthinnovationmaster.vhir.org\/es\/wp-json\/wp\/v2\/pages"}],"about":[{"href":"https:\/\/healthinnovationmaster.vhir.org\/es\/wp-json\/wp\/v2\/types\/page"}],"author":[{"embeddable":true,"href":"https:\/\/healthinnovationmaster.vhir.org\/es\/wp-json\/wp\/v2\/users\/2"}],"replies":[{"embeddable":true,"href":"https:\/\/healthinnovationmaster.vhir.org\/es\/wp-json\/wp\/v2\/comments?post=1656"}],"version-history":[{"count":52,"href":"https:\/\/healthinnovationmaster.vhir.org\/es\/wp-json\/wp\/v2\/pages\/1656\/revisions"}],"predecessor-version":[{"id":4627,"href":"https:\/\/healthinnovationmaster.vhir.org\/es\/wp-json\/wp\/v2\/pages\/1656\/revisions\/4627"}],"wp:featuredmedia":[{"embeddable":true,"href":"https:\/\/healthinnovationmaster.vhir.org\/es\/wp-json\/wp\/v2\/media\/4332"}],"wp:attachment":[{"href":"https:\/\/healthinnovationmaster.vhir.org\/es\/wp-json\/wp\/v2\/media?parent=1656"}],"curies":[{"name":"wp","href":"https:\/\/api.w.org\/{rel}","templated":true}]}}